{"id":3371,"date":"2023-02-03T23:00:54","date_gmt":"2023-02-03T22:00:54","guid":{"rendered":"https:\/\/perfectestetica.al\/?post_type=product&#038;p=3371"},"modified":"2025-09-01T02:04:43","modified_gmt":"2025-09-01T01:04:43","slug":"after-sun-hydra-calming-cream","status":"publish","type":"product","link":"https:\/\/perfectestetica.al\/en\/product\/after-sun-hydra-calming-cream\/","title":{"rendered":"After Sun Hydra Calming Cream"},"content":{"rendered":"","protected":false},"excerpt":{"rendered":"<p>Krem qet\u00ebsues, hidratues i fytyr\u00ebs dhe trupit p\u00ebr p\u00ebrdorim pas ekspozimit n\u00eb diell, p\u00ebr t\u00eb gjitha llojet e l\u00ebkur\u00ebs.<\/p>\n<p>Veprimi: Ai leht\u00ebson l\u00ebkur\u00ebn nga irritimet dhe inflamacioni i shkaktuar nga ekspozimi n\u00eb diell, dhe rivendos balanc\u00ebn ujore t\u00eb saj, teksa shmang rrjepjen e l\u00ebkur\u00ebs.<\/p>\n<p>P\u00ebrdorimi: Apliko but\u00ebsisht derisa t\u00eb p\u00ebrthithet. P\u00ebrs\u00ebrite derisa l\u00ebkura t\u00eb jet\u00eb plot\u00ebsisht e qet\u00ebsuar.<\/p>\n<p>Ingredient\u00ebt kryesor\u00eb: Metil Salicylate, Triticum Vulgare Germ Oil, Aloe Vera, Ekstrakt Centella, Ekstrakt Calendula, Allantoin, Panthenol, A- Bisabolol.<\/p>\n<table class=\"woocommerce-product-attributes shop_attributes\">\n<tbody>\n<tr class=\"woocommerce-product-attributes-item woocommerce-product-attributes-item--attribute_pa_size\">\n<th class=\"woocommerce-product-attributes-item__label\">Paketimi<\/th>\n<td class=\"woocommerce-product-attributes-item__value\">200mL<\/td>\n<\/tr>\n<tr class=\"woocommerce-product-attributes-item woocommerce-product-attributes-item--attribute_pa_llojet-e-lekures\">\n<th class=\"woocommerce-product-attributes-item__label\">Llojet e l\u00ebkur\u00ebs<\/th>\n<td class=\"woocommerce-product-attributes-item__value\">dehidratuar, t\u00eb gjitha llojet<\/td>\n<\/tr>\n<\/tbody>\n<\/table>","protected":false},"featured_media":3373,"comment_status":"open","ping_status":"closed","template":"","meta":[],"product_brand":[],"product_cat":[59],"product_tag":[],"class_list":{"0":"post-3371","1":"product","2":"type-product","3":"status-publish","4":"has-post-thumbnail","6":"product_cat-sunfilm","8":"first","9":"instock","10":"shipping-taxable","11":"purchasable","12":"product-type-simple"},"_links":{"self":[{"href":"https:\/\/perfectestetica.al\/en\/wp-json\/wp\/v2\/product\/3371","targetHints":{"allow":["GET"]}}],"collection":[{"href":"https:\/\/perfectestetica.al\/en\/wp-json\/wp\/v2\/product"}],"about":[{"href":"https:\/\/perfectestetica.al\/en\/wp-json\/wp\/v2\/types\/product"}],"replies":[{"embeddable":true,"href":"https:\/\/perfectestetica.al\/en\/wp-json\/wp\/v2\/comments?post=3371"}],"version-history":[{"count":2,"href":"https:\/\/perfectestetica.al\/en\/wp-json\/wp\/v2\/product\/3371\/revisions"}],"predecessor-version":[{"id":3374,"href":"https:\/\/perfectestetica.al\/en\/wp-json\/wp\/v2\/product\/3371\/revisions\/3374"}],"wp:featuredmedia":[{"embeddable":true,"href":"https:\/\/perfectestetica.al\/en\/wp-json\/wp\/v2\/media\/3373"}],"wp:attachment":[{"href":"https:\/\/perfectestetica.al\/en\/wp-json\/wp\/v2\/media?parent=3371"}],"wp:term":[{"taxonomy":"product_brand","embeddable":true,"href":"https:\/\/perfectestetica.al\/en\/wp-json\/wp\/v2\/product_brand?post=3371"},{"taxonomy":"product_cat","embeddable":true,"href":"https:\/\/perfectestetica.al\/en\/wp-json\/wp\/v2\/product_cat?post=3371"},{"taxonomy":"product_tag","embeddable":true,"href":"https:\/\/perfectestetica.al\/en\/wp-json\/wp\/v2\/product_tag?post=3371"}],"curies":[{"name":"wp","href":"https:\/\/api.w.org\/{rel}","templated":true}]}}